{"id":272,"date":"2015-05-09T13:15:07","date_gmt":"2015-05-09T12:15:07","guid":{"rendered":"http:\/\/2016.automnemusicalduvesinet.fr\/?page_id=272"},"modified":"2022-11-06T17:32:20","modified_gmt":"2022-11-06T16:32:20","slug":"renseignements-pratiques","status":"publish","type":"page","link":"http:\/\/2016.automnemusicalduvesinet.fr\/?page_id=272","title":{"rendered":"Acc\u00e8s &#8211; Informations"},"content":{"rendered":"<h1>Informations pratiques<\/h1>\n<p>&nbsp;<\/p>\n<p style=\"text-align: left;\"><span style=\"font-size: 20px;\"><strong>Prix<\/strong><\/span><\/p>\n<table style=\"height: 219px;\" width=\"634\">\n<tbody>\n<tr>\n<td><span style=\"font-size: 16px;\">\u00a0<\/span><\/td>\n<td style=\"text-align: center;\"><strong><span style=\"font-size: 16px;\">\u00a0\u00a0 Adulte\u00a0<\/span><\/strong><\/td>\n<td style=\"text-align: center;\"><strong><span style=\"font-size: 16px;\">Moins de 26 ans<\/span><\/strong><\/td>\n<td style=\"text-align: center;\" rowspan=\"5\"><strong><span style=\"font-size: 16px;\"><a href=\"http:\/\/2016.automnemusicalduvesinet.fr\/wp-content\/uploads\/2015\/07\/\u00c9glise-Sainte-Marguerite-du-V\u00e9sinet.jpg\"><img loading=\"lazy\" class=\" alignnone wp-image-222\" src=\"http:\/\/2016.automnemusicalduvesinet.fr\/wp-content\/uploads\/2015\/05\/\u00e9glise-203x300.jpg\" alt=\"\u00e9glise\" width=\"139\" height=\"205\" srcset=\"http:\/\/2016.automnemusicalduvesinet.fr\/wp-content\/uploads\/2015\/05\/\u00e9glise-203x300.jpg 203w, http:\/\/2016.automnemusicalduvesinet.fr\/wp-content\/uploads\/2015\/05\/\u00e9glise.jpg 238w\" sizes=\"(max-width: 139px) 100vw, 139px\" \/><\/a><\/span><\/strong><\/td>\n<\/tr>\n<tr>\n<td><span style=\"font-size: 16px;\"><strong>Un concert<\/strong><\/span><\/td>\n<td style=\"text-align: center;\"><span style=\"font-size: 16px;\">20 \u20ac<\/span><\/td>\n<td style=\"text-align: center;\"><span style=\"font-size: 16px;\">10 \u20ac<\/span><\/td>\n<\/tr>\n<tr>\n<td><span style=\"font-size: 16px;\"><strong>Pass 3 jours<\/strong><\/span><\/td>\n<td style=\"text-align: center;\"><span style=\"font-size: 16px;\">40 \u20ac<\/span><\/td>\n<td style=\"text-align: center;\"><span style=\"font-size: 16px;\">20 \u20ac<\/span><\/td>\n<\/tr>\n<tr>\n<td colspan=\"3\" rowspan=\"2\">&nbsp;<\/p>\n<p>Entr\u00e9e gratuite pour les enfants de moins de 12 ans<\/p>\n<p><span style=\"font-size: 16px;\"><strong>Lieu : <\/strong><\/span><span style=\"font-size: 16px;\">\u00c9glise Sainte-Marguerite, 78110 Le V\u00e9sinet<\/span><\/p>\n<p style=\"text-align: left; padding-left: 60px;\"><span style=\"font-size: 16px;\"><strong>\u00c9glise chauff\u00e9e<\/strong><\/span><\/p>\n<p>&nbsp;<\/td>\n<\/tr>\n<\/tbody>\n<\/table>\n<p>&nbsp;<\/p>\n<p><span style=\"font-size: 20px;\"><b>Comment s&rsquo;y rendre<\/b><\/span><\/p>\n<table style=\"height: 379px; width: 620px;\">\n<tbody>\n<tr style=\"height: 104.875px;\">\n<td style=\"height: 104.875px; width: 267px;\">\n<p style=\"text-align: center;\"><span style=\"font-size: 16px;\"><span style=\"color: #800000;\"><b>\u00c9glise Sainte-Marguerite<br \/>\n<\/b><\/span><span style=\"color: #800000;\"><b>Place de l&rsquo;\u00c9glise<br \/>\n<\/b><\/span><span style=\"color: #800000;\"><b>78110 Le V\u00e9sinet<\/b><\/span><\/span><\/p>\n<\/td>\n<td style=\"border: 1px #000000; height: 360.875px; width: 339px; text-align: right;\" rowspan=\"3\"><\/td>\n<\/tr>\n<tr style=\"height: 128px;\">\n<td style=\"height: 128px; width: 267px;\">\n<p style=\"text-align: center;\"><span style=\"font-size: 16px;\"><strong>EN VOITURE :<br \/>\n<\/strong>GPS : Le V\u00e9sinet,<\/span><br \/>\n<span style=\"font-size: 16px;\">Place de l&rsquo;\u00c9glise<\/span><br \/>\n<em>(12 km de la porte Maillot)<\/em><\/p>\n<\/td>\n<\/tr>\n<tr style=\"height: 128px;\">\n<td style=\"height: 128px; width: 267px;\">\n<p style=\"text-align: center;\"><span style=\"font-size: 16px;\"><strong>RER A :<\/strong><\/span><br \/>\n<span style=\"font-size: 16px;\">Direction Saint-Germain en Laye<\/span><br \/>\n<span style=\"font-size: 16px;\">station <strong>Le V\u00e9sinet-Centre<\/strong><\/span><br \/>\n<em>(250 m ou 3 min \u00e0 pieds)<\/em><\/p>\n<\/td>\n<\/tr>\n<\/tbody>\n<\/table>\n<p>&nbsp;<\/p>\n","protected":false},"excerpt":{"rendered":"<p>Informations pratiques &nbsp; Prix \u00a0 \u00a0\u00a0 Adulte\u00a0 Moins de 26 ans Un concert 20 \u20ac 10 \u20ac Pass 3 jours 40 \u20ac 20 \u20ac &nbsp; Entr\u00e9e gratuite pour les enfants de moins de 12 ans Lieu : \u00c9glise Sainte-Marguerite, 78110 Le V\u00e9sinet \u00c9glise chauff\u00e9e &nbsp; &nbsp; Comment s&rsquo;y rendre \u00c9glise Sainte-Marguerite Place de l&rsquo;\u00c9glise 78110 Le V\u00e9sinet EN VOITURE : GPS : Le V\u00e9sinet, Place de l&rsquo;\u00c9glise (12 km de la porte Maillot) RER A <a href=\"http:\/\/2016.automnemusicalduvesinet.fr\/?page_id=272\"> <\/a><\/p>\n","protected":false},"author":1,"featured_media":0,"parent":0,"menu_order":3,"comment_status":"closed","ping_status":"closed","template":"","meta":[],"_links":{"self":[{"href":"http:\/\/2016.automnemusicalduvesinet.fr\/index.php?rest_route=\/wp\/v2\/pages\/272"}],"collection":[{"href":"http:\/\/2016.automnemusicalduvesinet.fr\/index.php?rest_route=\/wp\/v2\/pages"}],"about":[{"href":"http:\/\/2016.automnemusicalduvesinet.fr\/index.php?rest_route=\/wp\/v2\/types\/page"}],"author":[{"embeddable":true,"href":"http:\/\/2016.automnemusicalduvesinet.fr\/index.php?rest_route=\/wp\/v2\/users\/1"}],"replies":[{"embeddable":true,"href":"http:\/\/2016.automnemusicalduvesinet.fr\/index.php?rest_route=%2Fwp%2Fv2%2Fcomments&post=272"}],"version-history":[{"count":89,"href":"http:\/\/2016.automnemusicalduvesinet.fr\/index.php?rest_route=\/wp\/v2\/pages\/272\/revisions"}],"predecessor-version":[{"id":918,"href":"http:\/\/2016.automnemusicalduvesinet.fr\/index.php?rest_route=\/wp\/v2\/pages\/272\/revisions\/918"}],"wp:attachment":[{"href":"http:\/\/2016.automnemusicalduvesinet.fr\/index.php?rest_route=%2Fwp%2Fv2%2Fmedia&parent=272"}],"curies":[{"name":"wp","href":"https:\/\/api.w.org\/{rel}","templated":true}]}}